{"id":1994,"date":"2022-08-04T17:01:19","date_gmt":"2022-08-04T15:01:19","guid":{"rendered":"https:\/\/alexsoler.net\/?page_id=1994"},"modified":"2022-08-19T18:40:09","modified_gmt":"2022-08-19T16:40:09","slug":"vic","status":"publish","type":"page","link":"https:\/\/alexsoler.net\/ca\/vic\/","title":{"rendered":"Vic"},"content":{"rendered":"<div data-elementor-type=\"wp-page\" data-elementor-id=\"1994\" class=\"elementor elementor-1994\">\n\t\t\t\t\t\t<section class=\"elementor-section elementor-top-section elementor-element elementor-element-8239c5f elementor-section-boxed elementor-section-height-default elementor-section-height-default\" data-id=\"8239c5f\" data-element_type=\"section\" data-e-type=\"section\">\n\t\t\t\t\t\t<div class=\"elementor-container elementor-column-gap-default\">\n\t\t\t\t\t<div class=\"elementor-column elementor-col-100 elementor-top-column elementor-element elementor-element-984fb31\" data-id=\"984fb31\" data-element_type=\"column\" data-e-type=\"column\">\n\t\t\t<div class=\"elementor-widget-wrap elementor-element-populated\">\n\t\t\t\t\t\t<div class=\"elementor-element elementor-element-cec46ff elementor-widget elementor-widget-heading\" data-id=\"cec46ff\" data-element_type=\"widget\" data-e-type=\"widget\" data-widget_type=\"heading.default\">\n\t\t\t\t<div class=\"elementor-widget-container\">\n\t\t\t\t\t<h2 class=\"elementor-heading-title elementor-size-default\">VIC<\/h2>\t\t\t\t<\/div>\n\t\t\t\t<\/div>\n\t\t\t\t<div class=\"elementor-element elementor-element-452bcee elementor-widget elementor-widget-text-editor\" data-id=\"452bcee\" data-element_type=\"widget\" data-e-type=\"widget\" data-widget_type=\"text-editor.default\">\n\t\t\t\t<div class=\"elementor-widget-container\">\n\t\t\t\t\t\t\t\t\t<p><span style=\"font-style: inherit; font-weight: inherit; background-color: var(--ast-global-color-5);\">Vic \u00e9s la capital de la comarca d'Osona. Una ciutat entre la costa i els Pirineus amb un gran encant hist\u00f2ric.<\/span><\/p>\t\t\t\t\t\t\t\t<\/div>\n\t\t\t\t<\/div>\n\t\t\t\t\t<\/div>\n\t\t<\/div>\n\t\t\t\t\t<\/div>\n\t\t<\/section>\n\t\t\t\t<section class=\"elementor-section elementor-top-section elementor-element elementor-element-fd2d0dc elementor-section-boxed elementor-section-height-default elementor-section-height-default\" data-id=\"fd2d0dc\" data-element_type=\"section\" data-e-type=\"section\">\n\t\t\t\t\t\t<div class=\"elementor-container elementor-column-gap-default\">\n\t\t\t\t\t<div class=\"elementor-column elementor-col-100 elementor-top-column elementor-element elementor-element-3a1528b\" data-id=\"3a1528b\" data-element_type=\"column\" data-e-type=\"column\">\n\t\t\t<div class=\"elementor-widget-wrap elementor-element-populated\">\n\t\t\t\t\t\t<div class=\"elementor-element elementor-element-38d37cd elementor-widget elementor-widget-image\" data-id=\"38d37cd\" data-element_type=\"widget\" data-e-type=\"widget\" data-widget_type=\"image.default\">\n\t\t\t\t<div class=\"elementor-widget-container\">\n\t\t\t\t\t\t\t\t\t\t\t\t\t\t\t<img fetchpriority=\"high\" decoding=\"async\" width=\"1400\" height=\"600\" src=\"https:\/\/alexsoler.net\/wp-content\/uploads\/2022\/08\/Diseno-sin-titulo-46.png\" class=\"attachment-full size-full wp-image-2415\" alt=\"\" srcset=\"https:\/\/alexsoler.net\/wp-content\/uploads\/2022\/08\/Diseno-sin-titulo-46.png 1400w, https:\/\/alexsoler.net\/wp-content\/uploads\/2022\/08\/Diseno-sin-titulo-46-300x129.png 300w, https:\/\/alexsoler.net\/wp-content\/uploads\/2022\/08\/Diseno-sin-titulo-46-1024x439.png 1024w, https:\/\/alexsoler.net\/wp-content\/uploads\/2022\/08\/Diseno-sin-titulo-46-768x329.png 768w, https:\/\/alexsoler.net\/wp-content\/uploads\/2022\/08\/Diseno-sin-titulo-46-18x8.png 18w\" sizes=\"(max-width: 1400px) 100vw, 1400px\" \/>\t\t\t\t\t\t\t\t\t\t\t\t\t\t\t<\/div>\n\t\t\t\t<\/div>\n\t\t\t\t\t<\/div>\n\t\t<\/div>\n\t\t\t\t\t<\/div>\n\t\t<\/section>\n\t\t\t\t<section class=\"elementor-section elementor-top-section elementor-element elementor-element-0e7d899 elementor-section-boxed elementor-section-height-default elementor-section-height-default\" data-id=\"0e7d899\" data-element_type=\"section\" data-e-type=\"section\">\n\t\t\t\t\t\t<div class=\"elementor-container elementor-column-gap-default\">\n\t\t\t\t\t<div class=\"elementor-column elementor-col-33 elementor-top-column elementor-element elementor-element-9deee75\" data-id=\"9deee75\" data-element_type=\"column\" data-e-type=\"column\" data-settings=\"{&quot;background_background&quot;:&quot;classic&quot;}\">\n\t\t\t<div class=\"elementor-widget-wrap elementor-element-populated\">\n\t\t\t\t\t\t<div class=\"elementor-element elementor-element-f210b84 elementor-widget elementor-widget-heading\" data-id=\"f210b84\" data-element_type=\"widget\" data-e-type=\"widget\" data-widget_type=\"heading.default\">\n\t\t\t\t<div class=\"elementor-widget-container\">\n\t\t\t\t\t<h2 class=\"elementor-heading-title elementor-size-default\">DADES<\/h2>\t\t\t\t<\/div>\n\t\t\t\t<\/div>\n\t\t\t\t<div class=\"elementor-element elementor-element-622249b elementor-widget elementor-widget-text-editor\" data-id=\"622249b\" data-element_type=\"widget\" data-e-type=\"widget\" data-widget_type=\"text-editor.default\">\n\t\t\t\t<div class=\"elementor-widget-container\">\n\t\t\t\t\t\t\t\t\t<p>Comarca &#8211; Osona<\/p><p>Prov\u00edncia \u2013 Barcelona<\/p><p>Habitants - 47.318<\/p><p>Altitud &#8211; 485 m.<\/p><p>Superf\u00edcie \u2013 30\u201992 km\u00b2<\/p>\t\t\t\t\t\t\t\t<\/div>\n\t\t\t\t<\/div>\n\t\t\t\t<div class=\"elementor-element elementor-element-ed37b33 elementor-widget elementor-widget-image\" data-id=\"ed37b33\" data-element_type=\"widget\" data-e-type=\"widget\" data-widget_type=\"image.default\">\n\t\t\t\t<div class=\"elementor-widget-container\">\n\t\t\t\t\t\t\t\t\t\t\t\t\t\t\t<img decoding=\"async\" width=\"720\" height=\"480\" src=\"https:\/\/alexsoler.net\/wp-content\/uploads\/2022\/08\/image.jpg\" class=\"attachment-large size-large wp-image-1996\" alt=\"\" srcset=\"https:\/\/alexsoler.net\/wp-content\/uploads\/2022\/08\/image.jpg 720w, https:\/\/alexsoler.net\/wp-content\/uploads\/2022\/08\/image-300x200.jpg 300w, https:\/\/alexsoler.net\/wp-content\/uploads\/2022\/08\/image-18x12.jpg 18w\" sizes=\"(max-width: 720px) 100vw, 720px\" \/>\t\t\t\t\t\t\t\t\t\t\t\t\t\t\t<\/div>\n\t\t\t\t<\/div>\n\t\t\t\t\t<\/div>\n\t\t<\/div>\n\t\t\t\t<div class=\"elementor-column elementor-col-66 elementor-top-column elementor-element elementor-element-009a232\" data-id=\"009a232\" data-element_type=\"column\" data-e-type=\"column\">\n\t\t\t<div class=\"elementor-widget-wrap elementor-element-populated\">\n\t\t\t\t\t\t<div class=\"elementor-element elementor-element-f66f65e elementor-widget elementor-widget-heading\" data-id=\"f66f65e\" data-element_type=\"widget\" data-e-type=\"widget\" data-widget_type=\"heading.default\">\n\t\t\t\t<div class=\"elementor-widget-container\">\n\t\t\t\t\t<h2 class=\"elementor-heading-title elementor-size-default\">SOBRE VIC<\/h2>\t\t\t\t<\/div>\n\t\t\t\t<\/div>\n\t\t\t\t<div class=\"elementor-element elementor-element-867524e elementor-widget elementor-widget-text-editor\" data-id=\"867524e\" data-element_type=\"widget\" data-e-type=\"widget\" data-widget_type=\"text-editor.default\">\n\t\t\t\t<div class=\"elementor-widget-container\">\n\t\t\t\t\t\t\t\t\t<p><span style=\"text-align: center;\">Vic \u00e9s la capital de la comarca d'Osona. Una ciutat entre la costa i els Pirineus amb un gran encant&nbsp;<\/span><span style=\"font-family: 'Source Sans Pro', sans-serif;\">hist\u00f2ric<\/span><span style=\"text-align: center;\">. Nom\u00e9s a 70 quil\u00f2metres de dist\u00e0ncia de Barcelona \u00e9s una ciutat molt ben comunicada amb la resta de Catalunya gr\u00e0cies a la construcci\u00f3 de l'Eix Transversal (C-25) i l'autovia C-17. A m\u00e9s, la ciutat compta amb una estaci\u00f3 de trens i una \u00e0mplia xarxa de busos.<\/span><\/p>\n<p><span style=\"text-align: center;\">&nbsp;<\/span><\/p>\n<p><span style=\"text-align: center;\">Els immobles de Vic, igual que la ciutat en si, tenen un gran atractiu.&nbsp;<\/span><span style=\"text-align: center; background-color: var(--ast-global-color-5);\">Vic \u00e9s una ciutat rica en contrastos on conviuen la tradici\u00f3 i la modernitat, l'her\u00e8ncia del m\u00f3n rural i els ambients m\u00e9s avan\u00e7ats<\/span><span style=\"text-align: center; font-style: inherit; font-weight: inherit; background-color: var(--ast-global-color-5);\">, comptant amb una gran quantitat d'edificis restaurats que conserven el seu encant i atractiu hist\u00f2ric.&nbsp;<\/span><\/p>\n<p><span style=\"text-align: center; font-style: inherit; font-weight: inherit; background-color: var(--ast-global-color-5);\">&nbsp;<\/span><\/p>\n<p><\/p>\n<p><span style=\"text-align: center;\">La seva llarga hist\u00f2ria, present als carrers i les places del centre hist\u00f2ric, conviu en harmonia amb el nou creixement urban\u00edstic, que mostra el dinamisme d'una ciutat cosmopolita per\u00f2 amb la tranquil\u00b7litat d'una ciutat petita. I t<\/span><span style=\"text-align: center; background-color: var(--ast-global-color-5);\">ot aix\u00f2 en un entorn natural i tranquil.<\/span><\/p>\t\t\t\t\t\t\t\t<\/div>\n\t\t\t\t<\/div>\n\t\t\t\t\t<\/div>\n\t\t<\/div>\n\t\t\t\t\t<\/div>\n\t\t<\/section>\n\t\t\t\t<section class=\"elementor-section elementor-top-section elementor-element elementor-element-bc43b4f elementor-section-boxed elementor-section-height-default elementor-section-height-default\" data-id=\"bc43b4f\" data-element_type=\"section\" data-e-type=\"section\">\n\t\t\t\t\t\t<div class=\"elementor-container elementor-column-gap-default\">\n\t\t\t\t\t<div class=\"elementor-column elementor-col-100 elementor-top-column elementor-element elementor-element-dfb52f9\" data-id=\"dfb52f9\" data-element_type=\"column\" data-e-type=\"column\">\n\t\t\t<div class=\"elementor-widget-wrap elementor-element-populated\">\n\t\t\t\t\t\t<div class=\"elementor-element elementor-element-456d9cd elementor-widget elementor-widget-heading\" data-id=\"456d9cd\" data-element_type=\"widget\" data-e-type=\"widget\" data-widget_type=\"heading.default\">\n\t\t\t\t<div class=\"elementor-widget-container\">\n\t\t\t\t\t<h2 class=\"elementor-heading-title elementor-size-default\">SERVEIS I COMODITATS<\/h2>\t\t\t\t<\/div>\n\t\t\t\t<\/div>\n\t\t\t\t<div class=\"elementor-element elementor-element-9057464 elementor-widget elementor-widget-text-editor\" data-id=\"9057464\" data-element_type=\"widget\" data-e-type=\"widget\" data-widget_type=\"text-editor.default\">\n\t\t\t\t<div class=\"elementor-widget-container\">\n\t\t\t\t\t\t\t\t\t<p>Vic compta amb una \u00e0mplia gamma culin\u00e0ria, des de K\u00f6nig, KFC i McDonald's per als amants del menjar r\u00e0pid fins als restaurants m\u00e9s exquisits, entre els quals destaquen el Boccatti, el Xic o el Divicnus.<\/p><p><br><\/p>\n<p><\/p>\n<p>Pels amants de la natura, Vic compta amb un grup excursionista i una infinitat de rutes per bosc, muntanya i rius, entre elles la ruta cap a la Creu de Gurb o el Santuari de Bellmunt.<\/p><p><br><\/p>\n<p><\/p>\n<p>En l'\u00e0mbit assistencial, Vic compta amb el consorci hospitalari de Vic i diferents cl\u00edniques i centres m\u00e8dics privats per a la cura de la salut.<\/p><p><br><\/p>\n<p><\/p>\n<p>Pel que fa a fires i mercats, Vic compta amb una \u00e0mplia gamma d'aquests, entre els quals destaquen&nbsp;<span style=\"background-color: var(--ast-global-color-5);\">el Mercat de M\u00fasica Viva,&nbsp;<\/span><span style=\"background-color: var(--ast-global-color-5); font-style: inherit; font-weight: inherit;\">el tradicional Mercat del Ram d'\u00e0mbit agr\u00edcola i comercial i el Mercat Medieval de Vic, amb una durada de 4 dies i m\u00e9s de 25 anys d'hist\u00f2ria.<\/span><\/p>\n<p><span style=\"background-color: var(--ast-global-color-5); font-style: inherit; font-weight: inherit;\">&nbsp;<\/span><\/p>\n<p><\/p>\n<p>Tamb\u00e9 cal destacar el seu incre\u00efble comer\u00e7 local i grans superf\u00edcies com Isern, Dechatlon o Wala, i la Universitat de Vic amb m\u00e9s de 5.500 estudiants i 700 professors que cobreixen una \u00e0mplia gamma formativa.<\/p>\n<p><\/p>\t\t\t\t\t\t\t\t<\/div>\n\t\t\t\t<\/div>\n\t\t\t\t\t<\/div>\n\t\t<\/div>\n\t\t\t\t\t<\/div>\n\t\t<\/section>\n\t\t\t\t<section class=\"elementor-section elementor-top-section elementor-element elementor-element-75d2acd elementor-section-boxed elementor-section-height-default elementor-section-height-default\" data-id=\"75d2acd\" data-element_type=\"section\" data-e-type=\"section\">\n\t\t\t\t\t\t<div class=\"elementor-container elementor-column-gap-default\">\n\t\t\t\t\t<div class=\"elementor-column elementor-col-66 elementor-top-column elementor-element elementor-element-78a2fee\" data-id=\"78a2fee\" data-element_type=\"column\" data-e-type=\"column\">\n\t\t\t<div class=\"elementor-widget-wrap elementor-element-populated\">\n\t\t\t\t\t\t<div class=\"elementor-element elementor-element-f837611 elementor-widget elementor-widget-heading\" data-id=\"f837611\" data-element_type=\"widget\" data-e-type=\"widget\" data-widget_type=\"heading.default\">\n\t\t\t\t<div class=\"elementor-widget-container\">\n\t\t\t\t\t<h2 class=\"elementor-heading-title elementor-size-default\">EL MERCAT IMMOBILIARI DE VIC<\/h2>\t\t\t\t<\/div>\n\t\t\t\t<\/div>\n\t\t\t\t<div class=\"elementor-element elementor-element-a2fbbc2 elementor-widget elementor-widget-text-editor\" data-id=\"a2fbbc2\" data-element_type=\"widget\" data-e-type=\"widget\" data-widget_type=\"text-editor.default\">\n\t\t\t\t<div class=\"elementor-widget-container\">\n\t\t\t\t\t\t\t\t\t<p>El mercat immobiliari de Vic \u00e9s molt divers. Des de pisos de luxe restaurats al centre, a cases m\u00e9s modestes a les afores, passant per masies rurals amb m\u00faltiples hect\u00e0rees de terreny.<\/p><p>\u00a0<\/p><p>Aquesta excepcional varietat d'immobles facilita la tasca de trobar una casa a la teva mida sigui el que sigui que est\u00e0s buscant.<\/p><p>\u00a0<\/p><p>Finalment, cal destacar que el preu mitj\u00e0 per metre quadrat ronda els 2000 \u20ac\/m\u00b2, encara que aquest pot fluctuar depenent de la zona i el tipus de propietat que es busqui.<\/p>\t\t\t\t\t\t\t\t<\/div>\n\t\t\t\t<\/div>\n\t\t\t\t\t<\/div>\n\t\t<\/div>\n\t\t\t\t<div class=\"elementor-column elementor-col-33 elementor-top-column elementor-element elementor-element-ce52ed8\" data-id=\"ce52ed8\" data-element_type=\"column\" data-e-type=\"column\">\n\t\t\t<div class=\"elementor-widget-wrap elementor-element-populated\">\n\t\t\t\t\t\t<div class=\"elementor-element elementor-element-0531a2f elementor-widget elementor-widget-image\" data-id=\"0531a2f\" data-element_type=\"widget\" data-e-type=\"widget\" data-widget_type=\"image.default\">\n\t\t\t\t<div class=\"elementor-widget-container\">\n\t\t\t\t\t\t\t\t\t\t\t\t\t\t\t<img decoding=\"async\" width=\"920\" height=\"497\" src=\"https:\/\/alexsoler.net\/wp-content\/uploads\/2022\/08\/barcelona-vic-001.jpg\" class=\"attachment-large size-large wp-image-1997\" alt=\"\" srcset=\"https:\/\/alexsoler.net\/wp-content\/uploads\/2022\/08\/barcelona-vic-001.jpg 920w, https:\/\/alexsoler.net\/wp-content\/uploads\/2022\/08\/barcelona-vic-001-300x162.jpg 300w, https:\/\/alexsoler.net\/wp-content\/uploads\/2022\/08\/barcelona-vic-001-768x415.jpg 768w, https:\/\/alexsoler.net\/wp-content\/uploads\/2022\/08\/barcelona-vic-001-18x10.jpg 18w\" sizes=\"(max-width: 920px) 100vw, 920px\" \/>\t\t\t\t\t\t\t\t\t\t\t\t\t\t\t<\/div>\n\t\t\t\t<\/div>\n\t\t\t\t\t<\/div>\n\t\t<\/div>\n\t\t\t\t\t<\/div>\n\t\t<\/section>\n\t\t\t\t<section class=\"elementor-section elementor-top-section elementor-element elementor-element-d4dc397 elementor-section-boxed elementor-section-height-default elementor-section-height-default\" data-id=\"d4dc397\" data-element_type=\"section\" data-e-type=\"section\" data-settings=\"{&quot;background_background&quot;:&quot;classic&quot;}\">\n\t\t\t\t\t\t\t<div class=\"elementor-background-overlay\"><\/div>\n\t\t\t\t\t\t\t<div class=\"elementor-container elementor-column-gap-default\">\n\t\t\t\t\t<div class=\"elementor-column elementor-col-50 elementor-top-column elementor-element elementor-element-af0c7a0\" data-id=\"af0c7a0\" data-element_type=\"column\" data-e-type=\"column\" data-settings=\"{&quot;background_background&quot;:&quot;classic&quot;}\">\n\t\t\t<div class=\"elementor-widget-wrap elementor-element-populated\">\n\t\t\t\t\t\t<div class=\"elementor-element elementor-element-dd388b4 elementor-widget elementor-widget-heading\" data-id=\"dd388b4\" data-element_type=\"widget\" data-e-type=\"widget\" data-widget_type=\"heading.default\">\n\t\t\t\t<div class=\"elementor-widget-container\">\n\t\t\t\t\t<h2 class=\"elementor-heading-title elementor-size-default\">PARLEM?<\/h2>\t\t\t\t<\/div>\n\t\t\t\t<\/div>\n\t\t\t\t<div class=\"elementor-element elementor-element-39a8f29 elementor-widget elementor-widget-text-editor\" data-id=\"39a8f29\" data-element_type=\"widget\" data-e-type=\"widget\" data-widget_type=\"text-editor.default\">\n\t\t\t\t<div class=\"elementor-widget-container\">\n\t\t\t\t\t\t\t\t\t<p><em>Estic comprom\u00e8s amb el nivell m\u00e9s alt d'experi\u00e8ncia, coneixement i servei. Les teves consultes sobre el mercat immobiliari s\u00f3n importants per a mi, aix\u00ed que espera una resposta tan r\u00e0pida com sigui possible.<\/em><\/p>\t\t\t\t\t\t\t\t<\/div>\n\t\t\t\t<\/div>\n\t\t\t\t<div class=\"elementor-element elementor-element-15057de elementor-align-center elementor-widget elementor-widget-button\" data-id=\"15057de\" data-element_type=\"widget\" data-e-type=\"widget\" data-widget_type=\"button.default\">\n\t\t\t\t<div class=\"elementor-widget-container\">\n\t\t\t\t\t\t\t\t\t<div class=\"elementor-button-wrapper\">\n\t\t\t\t\t<a class=\"elementor-button elementor-button-link elementor-size-sm\" href=\"https:\/\/alexsoler.net\/ca\/contacto\/\">\n\t\t\t\t\t\t<span class=\"elementor-button-content-wrapper\">\n\t\t\t\t\t\t\t\t\t<span class=\"elementor-button-text\">CONTACTA AMB MI<\/span>\n\t\t\t\t\t<\/span>\n\t\t\t\t\t<\/a>\n\t\t\t\t<\/div>\n\t\t\t\t\t\t\t\t<\/div>\n\t\t\t\t<\/div>\n\t\t\t\t\t<\/div>\n\t\t<\/div>\n\t\t\t\t<div class=\"elementor-column elementor-col-50 elementor-top-column elementor-element elementor-element-d04d73f\" data-id=\"d04d73f\" data-element_type=\"column\" data-e-type=\"column\" data-settings=\"{&quot;background_background&quot;:&quot;slideshow&quot;,&quot;background_slideshow_gallery&quot;:[],&quot;background_slideshow_loop&quot;:&quot;yes&quot;,&quot;background_slideshow_slide_duration&quot;:5000,&quot;background_slideshow_slide_transition&quot;:&quot;fade&quot;,&quot;background_slideshow_transition_duration&quot;:500}\">\n\t\t\t<div class=\"elementor-widget-wrap elementor-element-populated\">\n\t\t\t\t\t\t<div class=\"elementor-element elementor-element-b68e7ce elementor-widget elementor-widget-heading\" data-id=\"b68e7ce\" data-element_type=\"widget\" data-e-type=\"widget\" data-widget_type=\"heading.default\">\n\t\t\t\t<div class=\"elementor-widget-container\">\n\t\t\t\t\t<h2 class=\"elementor-heading-title elementor-size-default\">INFORME IMMOBILIARI MENSUAL<\/h2>\t\t\t\t<\/div>\n\t\t\t\t<\/div>\n\t\t\t\t<div class=\"elementor-element elementor-element-9605dde elementor-widget elementor-widget-text-editor\" data-id=\"9605dde\" data-element_type=\"widget\" data-e-type=\"widget\" data-widget_type=\"text-editor.default\">\n\t\t\t\t<div class=\"elementor-widget-container\">\n\t\t\t\t\t\t\t\t\t<p><i>Per rebre not\u00edcies exclusives i actualitzacions del mercat, subscriu-te al nostre informe immobiliari mensual.<\/i><\/p>\t\t\t\t\t\t\t\t<\/div>\n\t\t\t\t<\/div>\n\t\t\t\t<div class=\"elementor-element elementor-element-69e4629 elementor-align-center elementor-widget elementor-widget-button\" data-id=\"69e4629\" data-element_type=\"widget\" data-e-type=\"widget\" data-widget_type=\"button.default\">\n\t\t\t\t<div class=\"elementor-widget-container\">\n\t\t\t\t\t\t\t\t\t<div class=\"elementor-button-wrapper\">\n\t\t\t\t\t<a class=\"elementor-button elementor-button-link elementor-size-sm\" href=\"https:\/\/alexsoler.net\/ca\/informe\/\">\n\t\t\t\t\t\t<span class=\"elementor-button-content-wrapper\">\n\t\t\t\t\t\t\t\t\t<span class=\"elementor-button-text\">SUBSCRIU-TE<\/span>\n\t\t\t\t\t<\/span>\n\t\t\t\t\t<\/a>\n\t\t\t\t<\/div>\n\t\t\t\t\t\t\t\t<\/div>\n\t\t\t\t<\/div>\n\t\t\t\t\t<\/div>\n\t\t<\/div>\n\t\t\t\t\t<\/div>\n\t\t<\/section>\n\t\t\t\t<\/div>","protected":false},"excerpt":{"rendered":"<p>VIC Vic es la capital de la comarca de Osona. Una ciudad entre la costa y los Pirineos con un gran encanto hist\u00f3rico. DATOS Comarca &#8211; Osona Provincia &#8211; Barcelona Habitantes &#8211; 47.318 Altitud &#8211; 485 m. Superficie &#8211; 30&#8217;92 km\u00b2 ACERCA DE VIC Vic es la capital de la comarca de Osona. Una ciudad &hellip;<\/p>\n<p class=\"read-more\"> <a class=\"\" href=\"https:\/\/alexsoler.net\/ca\/vic\/\"> <span class=\"screen-reader-text\">Vic<\/span> Llegeix m\u00e9s &raquo;<\/a><\/p>","protected":false},"author":1,"featured_media":0,"parent":0,"menu_order":0,"comment_status":"closed","ping_status":"closed","template":"","meta":{"site-sidebar-layout":"no-sidebar","site-content-layout":"page-builder","ast-main-header-display":"","ast-hfb-above-header-display":"","ast-hfb-below-header-display":"","ast-hfb-mobile-header-display":"","site-post-title":"disabled","ast-breadcrumbs-content":"","ast-featured-img":"disabled","footer-sml-layout":"","theme-transparent-header-meta":"","adv-header-id-meta":"","stick-header-meta":"","header-above-stick-meta":"","header-main-stick-meta":"","header-below-stick-meta":"","footnotes":""},"class_list":["post-1994","page","type-page","status-publish","hentry"],"_links":{"self":[{"href":"https:\/\/alexsoler.net\/ca\/wp-json\/wp\/v2\/pages\/1994","targetHints":{"allow":["GET"]}}],"collection":[{"href":"https:\/\/alexsoler.net\/ca\/wp-json\/wp\/v2\/pages"}],"about":[{"href":"https:\/\/alexsoler.net\/ca\/wp-json\/wp\/v2\/types\/page"}],"author":[{"embeddable":true,"href":"https:\/\/alexsoler.net\/ca\/wp-json\/wp\/v2\/users\/1"}],"replies":[{"embeddable":true,"href":"https:\/\/alexsoler.net\/ca\/wp-json\/wp\/v2\/comments?post=1994"}],"version-history":[{"count":40,"href":"https:\/\/alexsoler.net\/ca\/wp-json\/wp\/v2\/pages\/1994\/revisions"}],"predecessor-version":[{"id":2418,"href":"https:\/\/alexsoler.net\/ca\/wp-json\/wp\/v2\/pages\/1994\/revisions\/2418"}],"wp:attachment":[{"href":"https:\/\/alexsoler.net\/ca\/wp-json\/wp\/v2\/media?parent=1994"}],"curies":[{"name":"wp","href":"https:\/\/api.w.org\/{rel}","templated":true}]}}