{"id":2230,"date":"2022-08-18T18:18:10","date_gmt":"2022-08-18T16:18:10","guid":{"rendered":"https:\/\/alexsoler.net\/?page_id=2230"},"modified":"2023-04-25T11:20:18","modified_gmt":"2023-04-25T09:20:18","slug":"osona","status":"publish","type":"page","link":"https:\/\/alexsoler.net\/ca\/osona\/","title":{"rendered":"Osona"},"content":{"rendered":"<div data-elementor-type=\"wp-page\" data-elementor-id=\"2230\" class=\"elementor elementor-2230\">\n\t\t\t\t\t\t<section class=\"elementor-section elementor-top-section elementor-element elementor-element-2c1f805 elementor-section-boxed elementor-section-height-default elementor-section-height-default\" data-id=\"2c1f805\" data-element_type=\"section\" data-e-type=\"section\">\n\t\t\t\t\t\t<div class=\"elementor-container elementor-column-gap-default\">\n\t\t\t\t\t<div class=\"elementor-column elementor-col-100 elementor-top-column elementor-element elementor-element-9a34a98\" data-id=\"9a34a98\" data-element_type=\"column\" data-e-type=\"column\">\n\t\t\t<div class=\"elementor-widget-wrap elementor-element-populated\">\n\t\t\t\t\t\t<div class=\"elementor-element elementor-element-9f55d25 elementor-widget elementor-widget-heading\" data-id=\"9f55d25\" data-element_type=\"widget\" data-e-type=\"widget\" data-widget_type=\"heading.default\">\n\t\t\t\t<div class=\"elementor-widget-container\">\n\t\t\t\t\t<h2 class=\"elementor-heading-title elementor-size-default\">OSONA<\/h2>\t\t\t\t<\/div>\n\t\t\t\t<\/div>\n\t\t\t\t<div class=\"elementor-element elementor-element-77e2cae elementor-widget elementor-widget-text-editor\" data-id=\"77e2cae\" data-element_type=\"widget\" data-e-type=\"widget\" data-widget_type=\"text-editor.default\">\n\t\t\t\t<div class=\"elementor-widget-container\">\n\t\t\t\t\t\t\t\t\t<p><span style=\"font-style: inherit; font-weight: inherit; background-color: var(--ast-global-color-5);\">Osona \u00e9s una de les comarques m\u00e9s extenses i c\u00e8ntriques de Catalunya, comptant aix\u00ed amb una situaci\u00f3 privilegiada dins aquesta comunitat aut\u00f2noma.<\/span><\/p>\t\t\t\t\t\t\t\t<\/div>\n\t\t\t\t<\/div>\n\t\t\t\t\t<\/div>\n\t\t<\/div>\n\t\t\t\t\t<\/div>\n\t\t<\/section>\n\t\t\t\t<section class=\"elementor-section elementor-top-section elementor-element elementor-element-3c75739 elementor-section-boxed elementor-section-height-default elementor-section-height-default\" data-id=\"3c75739\" data-element_type=\"section\" data-e-type=\"section\">\n\t\t\t\t\t\t<div class=\"elementor-container elementor-column-gap-default\">\n\t\t\t\t\t<div class=\"elementor-column elementor-col-100 elementor-top-column elementor-element elementor-element-856a5c7\" data-id=\"856a5c7\" data-element_type=\"column\" data-e-type=\"column\">\n\t\t\t<div class=\"elementor-widget-wrap elementor-element-populated\">\n\t\t\t\t\t\t<div class=\"elementor-element elementor-element-1fc4d94 elementor-widget elementor-widget-image\" data-id=\"1fc4d94\" data-element_type=\"widget\" data-e-type=\"widget\" data-widget_type=\"image.default\">\n\t\t\t\t<div class=\"elementor-widget-container\">\n\t\t\t\t\t\t\t\t\t\t\t\t\t\t\t<img fetchpriority=\"high\" decoding=\"async\" width=\"1400\" height=\"600\" src=\"https:\/\/alexsoler.net\/wp-content\/uploads\/2022\/08\/Diseno-sin-titulo-47.png\" class=\"attachment-full size-full wp-image-2411\" alt=\"\" srcset=\"https:\/\/alexsoler.net\/wp-content\/uploads\/2022\/08\/Diseno-sin-titulo-47.png 1400w, https:\/\/alexsoler.net\/wp-content\/uploads\/2022\/08\/Diseno-sin-titulo-47-300x129.png 300w, https:\/\/alexsoler.net\/wp-content\/uploads\/2022\/08\/Diseno-sin-titulo-47-1024x439.png 1024w, https:\/\/alexsoler.net\/wp-content\/uploads\/2022\/08\/Diseno-sin-titulo-47-768x329.png 768w, https:\/\/alexsoler.net\/wp-content\/uploads\/2022\/08\/Diseno-sin-titulo-47-18x8.png 18w\" sizes=\"(max-width: 1400px) 100vw, 1400px\" \/>\t\t\t\t\t\t\t\t\t\t\t\t\t\t\t<\/div>\n\t\t\t\t<\/div>\n\t\t\t\t\t<\/div>\n\t\t<\/div>\n\t\t\t\t\t<\/div>\n\t\t<\/section>\n\t\t\t\t<section class=\"elementor-section elementor-top-section elementor-element elementor-element-761b186 elementor-section-boxed elementor-section-height-default elementor-section-height-default\" data-id=\"761b186\" data-element_type=\"section\" data-e-type=\"section\">\n\t\t\t\t\t\t<div class=\"elementor-container elementor-column-gap-default\">\n\t\t\t\t\t<div class=\"elementor-column elementor-col-33 elementor-top-column elementor-element elementor-element-0aabc44\" data-id=\"0aabc44\" data-element_type=\"column\" data-e-type=\"column\" data-settings=\"{&quot;background_background&quot;:&quot;classic&quot;}\">\n\t\t\t<div class=\"elementor-widget-wrap elementor-element-populated\">\n\t\t\t\t\t\t<div class=\"elementor-element elementor-element-f177ef1 elementor-widget elementor-widget-heading\" data-id=\"f177ef1\" data-element_type=\"widget\" data-e-type=\"widget\" data-widget_type=\"heading.default\">\n\t\t\t\t<div class=\"elementor-widget-container\">\n\t\t\t\t\t<h2 class=\"elementor-heading-title elementor-size-default\">DADES<\/h2>\t\t\t\t<\/div>\n\t\t\t\t<\/div>\n\t\t\t\t<div class=\"elementor-element elementor-element-b30a449 elementor-widget elementor-widget-text-editor\" data-id=\"b30a449\" data-element_type=\"widget\" data-e-type=\"widget\" data-widget_type=\"text-editor.default\">\n\t\t\t\t<div class=\"elementor-widget-container\">\n\t\t\t\t\t\t\t\t\t<p><span style=\"font-style: inherit; font-weight: inherit;\">Prov\u00edncia \u2013 Barcelona<\/span><\/p><p><span style=\"font-style: inherit; font-weight: inherit;\">Capital &#8211; Vic<\/span><\/p><p>Habitants - 158.334<\/p><p><span style=\"font-style: inherit; font-weight: inherit;\">N\u00ba Municipis - 50<\/span><\/p><p>Superf\u00edcie - 1245'2 km\u00b2<\/p>\t\t\t\t\t\t\t\t<\/div>\n\t\t\t\t<\/div>\n\t\t\t\t<div class=\"elementor-element elementor-element-ff237b7 elementor-widget elementor-widget-image\" data-id=\"ff237b7\" data-element_type=\"widget\" data-e-type=\"widget\" data-widget_type=\"image.default\">\n\t\t\t\t<div class=\"elementor-widget-container\">\n\t\t\t\t\t\t\t\t\t\t\t\t\t\t\t<img decoding=\"async\" width=\"850\" height=\"635\" src=\"https:\/\/alexsoler.net\/wp-content\/uploads\/2022\/08\/baixa.jpg\" class=\"attachment-large size-large wp-image-2235\" alt=\"\" srcset=\"https:\/\/alexsoler.net\/wp-content\/uploads\/2022\/08\/baixa.jpg 850w, https:\/\/alexsoler.net\/wp-content\/uploads\/2022\/08\/baixa-300x224.jpg 300w, https:\/\/alexsoler.net\/wp-content\/uploads\/2022\/08\/baixa-768x574.jpg 768w, https:\/\/alexsoler.net\/wp-content\/uploads\/2022\/08\/baixa-16x12.jpg 16w\" sizes=\"(max-width: 850px) 100vw, 850px\" \/>\t\t\t\t\t\t\t\t\t\t\t\t\t\t\t<\/div>\n\t\t\t\t<\/div>\n\t\t\t\t\t<\/div>\n\t\t<\/div>\n\t\t\t\t<div class=\"elementor-column elementor-col-66 elementor-top-column elementor-element elementor-element-e974654\" data-id=\"e974654\" data-element_type=\"column\" data-e-type=\"column\">\n\t\t\t<div class=\"elementor-widget-wrap elementor-element-populated\">\n\t\t\t\t\t\t<div class=\"elementor-element elementor-element-5c3d1c9 elementor-widget elementor-widget-heading\" data-id=\"5c3d1c9\" data-element_type=\"widget\" data-e-type=\"widget\" data-widget_type=\"heading.default\">\n\t\t\t\t<div class=\"elementor-widget-container\">\n\t\t\t\t\t<h2 class=\"elementor-heading-title elementor-size-default\">SOBRE OSONA<\/h2>\t\t\t\t<\/div>\n\t\t\t\t<\/div>\n\t\t\t\t<div class=\"elementor-element elementor-element-eb0aeeb elementor-widget elementor-widget-text-editor\" data-id=\"eb0aeeb\" data-element_type=\"widget\" data-e-type=\"widget\" data-widget_type=\"text-editor.default\">\n\t\t\t\t<div class=\"elementor-widget-container\">\n\t\t\t\t\t\t\t\t\t<p><span style=\"text-align: center;\">Osona \u00e9s una de les comarques m\u00e9s extenses i c\u00e8ntriques de Catalunya, comptant aix\u00ed amb una situaci\u00f3 privilegiada dins aquesta comunitat aut\u00f2noma. Hi trobem 50 municipis. La majoria s\u00f3n petits pobles envoltats de natura, arbres, rius i fins i tot llacs. Tots ells amb carrers pintorescs i tradicions molt variades.<\/span><\/p><p><span style=\"text-align: center;\">\u00a0<\/span><\/p><p><span style=\"text-align: center;\">Aix\u00ed i tot, tamb\u00e9 trobem tres ciutats: Vic, la capital, amb el seu monumental centre hist\u00f2ric; per\u00f2 tamb\u00e9 Manlleu i Torell\u00f3. Totes compten amb un gran dinamisme comercial als seus carrers i places, fires i mercats de tota mena, una \u00e0mplia oferta cultural i un ric patrimoni arquitect\u00f2nic.<\/span><\/p><p><span style=\"text-align: center;\">\u00a0<\/span><\/p><p><span style=\"text-align: center;\">La seva ubicaci\u00f3 \u00e9s ideal per als amants de la platja i la muntanya pel fet que est\u00e0s a tan sols una hora d'ambdues. Est\u00e0s a prop tant del Pirineu com de la id\u00edl\u00b7lica Costa Brava.<\/span><\/p><p><span style=\"text-align: center;\">\u00a0<\/span><\/p><p><span style=\"text-align: center;\">Aix\u00ed, tant si t'agrada la tranquil\u00b7litat de la natura com el bullici de la ciutat, aqu\u00ed, a Osona, pots trobar el que busques.\u00a0<\/span><\/p>\t\t\t\t\t\t\t\t<\/div>\n\t\t\t\t<\/div>\n\t\t\t\t\t<\/div>\n\t\t<\/div>\n\t\t\t\t\t<\/div>\n\t\t<\/section>\n\t\t\t\t<section class=\"elementor-section elementor-top-section elementor-element elementor-element-b015bf4 elementor-section-boxed elementor-section-height-default elementor-section-height-default\" data-id=\"b015bf4\" data-element_type=\"section\" data-e-type=\"section\">\n\t\t\t\t\t\t<div class=\"elementor-container elementor-column-gap-default\">\n\t\t\t\t\t<div class=\"elementor-column elementor-col-100 elementor-top-column elementor-element elementor-element-2a6e440\" data-id=\"2a6e440\" data-element_type=\"column\" data-e-type=\"column\">\n\t\t\t<div class=\"elementor-widget-wrap elementor-element-populated\">\n\t\t\t\t\t\t<div class=\"elementor-element elementor-element-5d94113 elementor-widget elementor-widget-heading\" data-id=\"5d94113\" data-element_type=\"widget\" data-e-type=\"widget\" data-widget_type=\"heading.default\">\n\t\t\t\t<div class=\"elementor-widget-container\">\n\t\t\t\t\t<h2 class=\"elementor-heading-title elementor-size-default\">QU\u00c8 VISITAR A OSONA?<\/h2>\t\t\t\t<\/div>\n\t\t\t\t<\/div>\n\t\t\t\t\t<\/div>\n\t\t<\/div>\n\t\t\t\t\t<\/div>\n\t\t<\/section>\n\t\t\t\t<section class=\"elementor-section elementor-top-section elementor-element elementor-element-8869e40 elementor-section-boxed elementor-section-height-default elementor-section-height-default\" data-id=\"8869e40\" data-element_type=\"section\" data-e-type=\"section\">\n\t\t\t\t\t\t<div class=\"elementor-container elementor-column-gap-default\">\n\t\t\t\t\t<div class=\"elementor-column elementor-col-33 elementor-top-column elementor-element elementor-element-67160b3\" data-id=\"67160b3\" data-element_type=\"column\" data-e-type=\"column\">\n\t\t\t<div class=\"elementor-widget-wrap elementor-element-populated\">\n\t\t\t\t\t\t<div class=\"elementor-element elementor-element-2f86958 elementor-position-top elementor-widget elementor-widget-image-box\" data-id=\"2f86958\" data-element_type=\"widget\" data-e-type=\"widget\" data-widget_type=\"image-box.default\">\n\t\t\t\t<div class=\"elementor-widget-container\">\n\t\t\t\t\t<div class=\"elementor-image-box-wrapper\"><figure class=\"elementor-image-box-img\"><img decoding=\"async\" width=\"1000\" height=\"700\" src=\"https:\/\/alexsoler.net\/wp-content\/uploads\/2022\/08\/Vic-20.png\" class=\"attachment-2048x2048 size-2048x2048 wp-image-2407\" alt=\"\" srcset=\"https:\/\/alexsoler.net\/wp-content\/uploads\/2022\/08\/Vic-20.png 1000w, https:\/\/alexsoler.net\/wp-content\/uploads\/2022\/08\/Vic-20-300x210.png 300w, https:\/\/alexsoler.net\/wp-content\/uploads\/2022\/08\/Vic-20-768x538.png 768w, https:\/\/alexsoler.net\/wp-content\/uploads\/2022\/08\/Vic-20-18x12.png 18w\" sizes=\"(max-width: 1000px) 100vw, 1000px\" \/><\/figure><div class=\"elementor-image-box-content\"><h3 class=\"elementor-image-box-title\">Visitar el Pant\u00e0 de Sau<\/h3><p class=\"elementor-image-box-description\">Un dels llocs m\u00e9s ic\u00f2nics de Catalunya. Consta d'un incre\u00efble paisatge natural i un petit poble sepultat sota les aig\u00fces del pant\u00e0. <\/p><\/div><\/div>\t\t\t\t<\/div>\n\t\t\t\t<\/div>\n\t\t\t\t\t<\/div>\n\t\t<\/div>\n\t\t\t\t<div class=\"elementor-column elementor-col-33 elementor-top-column elementor-element elementor-element-5def8c6\" data-id=\"5def8c6\" data-element_type=\"column\" data-e-type=\"column\">\n\t\t\t<div class=\"elementor-widget-wrap elementor-element-populated\">\n\t\t\t\t\t\t<div class=\"elementor-element elementor-element-957a1b0 elementor-position-top elementor-widget elementor-widget-image-box\" data-id=\"957a1b0\" data-element_type=\"widget\" data-e-type=\"widget\" data-widget_type=\"image-box.default\">\n\t\t\t\t<div class=\"elementor-widget-container\">\n\t\t\t\t\t<div class=\"elementor-image-box-wrapper\"><figure class=\"elementor-image-box-img\"><img loading=\"lazy\" decoding=\"async\" width=\"1000\" height=\"700\" src=\"https:\/\/alexsoler.net\/wp-content\/uploads\/2022\/08\/Vic-18.png\" class=\"attachment-full size-full wp-image-2405\" alt=\"\" srcset=\"https:\/\/alexsoler.net\/wp-content\/uploads\/2022\/08\/Vic-18.png 1000w, https:\/\/alexsoler.net\/wp-content\/uploads\/2022\/08\/Vic-18-300x210.png 300w, https:\/\/alexsoler.net\/wp-content\/uploads\/2022\/08\/Vic-18-768x538.png 768w, https:\/\/alexsoler.net\/wp-content\/uploads\/2022\/08\/Vic-18-18x12.png 18w\" sizes=\"(max-width: 1000px) 100vw, 1000px\" \/><\/figure><div class=\"elementor-image-box-content\"><h3 class=\"elementor-image-box-title\">Passejar per Rupit<\/h3><p class=\"elementor-image-box-description\">Considerat un dels pobles m\u00e9s bonics de Catalunya, Rupit destaca pel seu origen medieval, els carrers empedrats i les precioses cases de pedra.<\/p><\/div><\/div>\t\t\t\t<\/div>\n\t\t\t\t<\/div>\n\t\t\t\t\t<\/div>\n\t\t<\/div>\n\t\t\t\t<div class=\"elementor-column elementor-col-33 elementor-top-column elementor-element elementor-element-9949f80\" data-id=\"9949f80\" data-element_type=\"column\" data-e-type=\"column\">\n\t\t\t<div class=\"elementor-widget-wrap elementor-element-populated\">\n\t\t\t\t\t\t<div class=\"elementor-element elementor-element-20b6dcc elementor-position-top elementor-widget elementor-widget-image-box\" data-id=\"20b6dcc\" data-element_type=\"widget\" data-e-type=\"widget\" data-widget_type=\"image-box.default\">\n\t\t\t\t<div class=\"elementor-widget-container\">\n\t\t\t\t\t<div class=\"elementor-image-box-wrapper\"><figure class=\"elementor-image-box-img\"><img loading=\"lazy\" decoding=\"async\" width=\"1000\" height=\"700\" src=\"https:\/\/alexsoler.net\/wp-content\/uploads\/2022\/08\/Vic-19.png\" class=\"attachment-full size-full wp-image-2406\" alt=\"\" srcset=\"https:\/\/alexsoler.net\/wp-content\/uploads\/2022\/08\/Vic-19.png 1000w, https:\/\/alexsoler.net\/wp-content\/uploads\/2022\/08\/Vic-19-300x210.png 300w, https:\/\/alexsoler.net\/wp-content\/uploads\/2022\/08\/Vic-19-768x538.png 768w, https:\/\/alexsoler.net\/wp-content\/uploads\/2022\/08\/Vic-19-18x12.png 18w\" sizes=\"(max-width: 1000px) 100vw, 1000px\" \/><\/figure><div class=\"elementor-image-box-content\"><h3 class=\"elementor-image-box-title\">Anar al Salt de Sallent<\/h3><p class=\"elementor-image-box-description\">Amb 115 metres d'al\u00e7ada, \u00e9s la cascada m\u00e9s alta de Catalunya. La ruta m\u00e9s popular parteix de l'ic\u00f2nic poble de Rupit. <\/p><\/div><\/div>\t\t\t\t<\/div>\n\t\t\t\t<\/div>\n\t\t\t\t\t<\/div>\n\t\t<\/div>\n\t\t\t\t\t<\/div>\n\t\t<\/section>\n\t\t\t\t<section class=\"elementor-section elementor-top-section elementor-element elementor-element-a1866d6 elementor-section-boxed elementor-section-height-default elementor-section-height-default\" data-id=\"a1866d6\" data-element_type=\"section\" data-e-type=\"section\">\n\t\t\t\t\t\t<div class=\"elementor-container elementor-column-gap-default\">\n\t\t\t\t\t<div class=\"elementor-column elementor-col-33 elementor-top-column elementor-element elementor-element-af3e9c0\" data-id=\"af3e9c0\" data-element_type=\"column\" data-e-type=\"column\">\n\t\t\t<div class=\"elementor-widget-wrap elementor-element-populated\">\n\t\t\t\t\t\t<div class=\"elementor-element elementor-element-ec1947c elementor-position-top elementor-widget elementor-widget-image-box\" data-id=\"ec1947c\" data-element_type=\"widget\" data-e-type=\"widget\" data-widget_type=\"image-box.default\">\n\t\t\t\t<div class=\"elementor-widget-container\">\n\t\t\t\t\t<div class=\"elementor-image-box-wrapper\"><figure class=\"elementor-image-box-img\"><img loading=\"lazy\" decoding=\"async\" width=\"1000\" height=\"700\" src=\"https:\/\/alexsoler.net\/wp-content\/uploads\/2022\/08\/Vic-21.png\" class=\"attachment-full size-full wp-image-2408\" alt=\"\" srcset=\"https:\/\/alexsoler.net\/wp-content\/uploads\/2022\/08\/Vic-21.png 1000w, https:\/\/alexsoler.net\/wp-content\/uploads\/2022\/08\/Vic-21-300x210.png 300w, https:\/\/alexsoler.net\/wp-content\/uploads\/2022\/08\/Vic-21-768x538.png 768w, https:\/\/alexsoler.net\/wp-content\/uploads\/2022\/08\/Vic-21-18x12.png 18w\" sizes=\"(max-width: 1000px) 100vw, 1000px\" \/><\/figure><div class=\"elementor-image-box-content\"><h3 class=\"elementor-image-box-title\">Visitar el bosc de la Grevolosa<\/h3><p class=\"elementor-image-box-description\">Si voleu gaudir dels colors d'aquests arbres de m\u00e9s de 300 anys (alguns d'ells) haureu de visitar el bosc a la tardor, quan el bosc es tenyeix de colors.<\/p><\/div><\/div>\t\t\t\t<\/div>\n\t\t\t\t<\/div>\n\t\t\t\t\t<\/div>\n\t\t<\/div>\n\t\t\t\t<div class=\"elementor-column elementor-col-33 elementor-top-column elementor-element elementor-element-b91b25f\" data-id=\"b91b25f\" data-element_type=\"column\" data-e-type=\"column\">\n\t\t\t<div class=\"elementor-widget-wrap elementor-element-populated\">\n\t\t\t\t\t\t<div class=\"elementor-element elementor-element-6396ec8 elementor-position-top elementor-widget elementor-widget-image-box\" data-id=\"6396ec8\" data-element_type=\"widget\" data-e-type=\"widget\" data-widget_type=\"image-box.default\">\n\t\t\t\t<div class=\"elementor-widget-container\">\n\t\t\t\t\t<div class=\"elementor-image-box-wrapper\"><figure class=\"elementor-image-box-img\"><img loading=\"lazy\" decoding=\"async\" width=\"1000\" height=\"700\" src=\"https:\/\/alexsoler.net\/wp-content\/uploads\/2022\/08\/Vic-23.png\" class=\"attachment-full size-full wp-image-2410\" alt=\"\" srcset=\"https:\/\/alexsoler.net\/wp-content\/uploads\/2022\/08\/Vic-23.png 1000w, https:\/\/alexsoler.net\/wp-content\/uploads\/2022\/08\/Vic-23-300x210.png 300w, https:\/\/alexsoler.net\/wp-content\/uploads\/2022\/08\/Vic-23-768x538.png 768w, https:\/\/alexsoler.net\/wp-content\/uploads\/2022\/08\/Vic-23-18x12.png 18w\" sizes=\"(max-width: 1000px) 100vw, 1000px\" \/><\/figure><div class=\"elementor-image-box-content\"><h3 class=\"elementor-image-box-title\">Pujar al Morro de l'Abella<\/h3><p class=\"elementor-image-box-description\">Aquest espectacular mirador natural us permet gaudir del Pant\u00e0 de Sau i la natura que l'envolta. Ideal per a una escapada en fam\u00edlia o amb amics.<\/p><\/div><\/div>\t\t\t\t<\/div>\n\t\t\t\t<\/div>\n\t\t\t\t\t<\/div>\n\t\t<\/div>\n\t\t\t\t<div class=\"elementor-column elementor-col-33 elementor-top-column elementor-element elementor-element-8c2ea33\" data-id=\"8c2ea33\" data-element_type=\"column\" data-e-type=\"column\">\n\t\t\t<div class=\"elementor-widget-wrap elementor-element-populated\">\n\t\t\t\t\t\t<div class=\"elementor-element elementor-element-acbf25f elementor-position-top elementor-widget elementor-widget-image-box\" data-id=\"acbf25f\" data-element_type=\"widget\" data-e-type=\"widget\" data-widget_type=\"image-box.default\">\n\t\t\t\t<div class=\"elementor-widget-container\">\n\t\t\t\t\t<div class=\"elementor-image-box-wrapper\"><figure class=\"elementor-image-box-img\"><img loading=\"lazy\" decoding=\"async\" width=\"1000\" height=\"700\" src=\"https:\/\/alexsoler.net\/wp-content\/uploads\/2022\/08\/Vic-22.png\" class=\"attachment-full size-full wp-image-2409\" alt=\"\" srcset=\"https:\/\/alexsoler.net\/wp-content\/uploads\/2022\/08\/Vic-22.png 1000w, https:\/\/alexsoler.net\/wp-content\/uploads\/2022\/08\/Vic-22-300x210.png 300w, https:\/\/alexsoler.net\/wp-content\/uploads\/2022\/08\/Vic-22-768x538.png 768w, https:\/\/alexsoler.net\/wp-content\/uploads\/2022\/08\/Vic-22-18x12.png 18w\" sizes=\"(max-width: 1000px) 100vw, 1000px\" \/><\/figure><div class=\"elementor-image-box-content\"><h3 class=\"elementor-image-box-title\">Anar al Parc Natural del Montseny<\/h3><p class=\"elementor-image-box-description\">Declarat com a reserva de la biosfera, est\u00e0 ple d'activitats per fer com ara senderisme, pujar alguns dels pics que el conformen o tan sols gaudir d'aquest parad\u00eds natural.<\/p><\/div><\/div>\t\t\t\t<\/div>\n\t\t\t\t<\/div>\n\t\t\t\t\t<\/div>\n\t\t<\/div>\n\t\t\t\t\t<\/div>\n\t\t<\/section>\n\t\t\t\t<section class=\"elementor-section elementor-top-section elementor-element elementor-element-852f7bc elementor-section-boxed elementor-section-height-default elementor-section-height-default\" data-id=\"852f7bc\" data-element_type=\"section\" data-e-type=\"section\">\n\t\t\t\t\t\t<div class=\"elementor-container elementor-column-gap-default\">\n\t\t\t\t\t<div class=\"elementor-column elementor-col-100 elementor-top-column elementor-element elementor-element-8564e64\" data-id=\"8564e64\" data-element_type=\"column\" data-e-type=\"column\">\n\t\t\t<div class=\"elementor-widget-wrap elementor-element-populated\">\n\t\t\t\t\t\t<div class=\"elementor-element elementor-element-f66fcbe elementor-widget elementor-widget-heading\" data-id=\"f66fcbe\" data-element_type=\"widget\" data-e-type=\"widget\" data-widget_type=\"heading.default\">\n\t\t\t\t<div class=\"elementor-widget-container\">\n\t\t\t\t\t<h2 class=\"elementor-heading-title elementor-size-default\">ALGUNS MUNICIPIS D'OSONA<\/h2>\t\t\t\t<\/div>\n\t\t\t\t<\/div>\n\t\t\t\t<div class=\"elementor-element elementor-element-a2afb9a elementor-widget-divider--view-line elementor-widget elementor-widget-divider\" data-id=\"a2afb9a\" data-element_type=\"widget\" data-e-type=\"widget\" data-widget_type=\"divider.default\">\n\t\t\t\t<div class=\"elementor-widget-container\">\n\t\t\t\t\t\t\t<div class=\"elementor-divider\">\n\t\t\t<span class=\"elementor-divider-separator\">\n\t\t\t\t\t\t<\/span>\n\t\t<\/div>\n\t\t\t\t\t\t<\/div>\n\t\t\t\t<\/div>\n\t\t\t\t<div class=\"elementor-element elementor-element-d796950 elementor-widget elementor-widget-heading\" data-id=\"d796950\" data-element_type=\"widget\" data-e-type=\"widget\" data-widget_type=\"heading.default\">\n\t\t\t\t<div class=\"elementor-widget-container\">\n\t\t\t\t\t<h2 class=\"elementor-heading-title elementor-size-default\">ZONES D'ACTUACI\u00d3<\/h2>\t\t\t\t<\/div>\n\t\t\t\t<\/div>\n\t\t\t\t\t<\/div>\n\t\t<\/div>\n\t\t\t\t\t<\/div>\n\t\t<\/section>\n\t\t\t\t<section class=\"elementor-section elementor-top-section elementor-element elementor-element-ae3e290 elementor-section-boxed elementor-section-height-default elementor-section-height-default\" data-id=\"ae3e290\" data-element_type=\"section\" data-e-type=\"section\">\n\t\t\t\t\t\t<div class=\"elementor-container elementor-column-gap-default\">\n\t\t\t\t\t<div class=\"elementor-column elementor-col-33 elementor-top-column elementor-element elementor-element-a35b02c\" data-id=\"a35b02c\" data-element_type=\"column\" data-e-type=\"column\">\n\t\t\t<div class=\"elementor-widget-wrap elementor-element-populated\">\n\t\t\t\t\t\t<div class=\"elementor-element elementor-element-f841883 elementor-widget elementor-widget-image\" data-id=\"f841883\" data-element_type=\"widget\" data-e-type=\"widget\" data-widget_type=\"image.default\">\n\t\t\t\t<div class=\"elementor-widget-container\">\n\t\t\t\t\t\t\t\t\t\t\t\t\t\t\t<img loading=\"lazy\" decoding=\"async\" width=\"1000\" height=\"700\" src=\"https:\/\/alexsoler.net\/wp-content\/uploads\/2022\/08\/Vic-12.png\" class=\"elementor-animation-grow attachment-large size-large wp-image-2244\" alt=\"\" srcset=\"https:\/\/alexsoler.net\/wp-content\/uploads\/2022\/08\/Vic-12.png 1000w, https:\/\/alexsoler.net\/wp-content\/uploads\/2022\/08\/Vic-12-300x210.png 300w, https:\/\/alexsoler.net\/wp-content\/uploads\/2022\/08\/Vic-12-768x538.png 768w, https:\/\/alexsoler.net\/wp-content\/uploads\/2022\/08\/Vic-12-18x12.png 18w\" sizes=\"(max-width: 1000px) 100vw, 1000px\" \/>\t\t\t\t\t\t\t\t\t\t\t\t\t\t\t<\/div>\n\t\t\t\t<\/div>\n\t\t\t\t\t<\/div>\n\t\t<\/div>\n\t\t\t\t<div class=\"elementor-column elementor-col-33 elementor-top-column elementor-element elementor-element-fc41e93\" data-id=\"fc41e93\" data-element_type=\"column\" data-e-type=\"column\">\n\t\t\t<div class=\"elementor-widget-wrap elementor-element-populated\">\n\t\t\t\t\t\t<div class=\"elementor-element elementor-element-0f7dd90 elementor-widget elementor-widget-image\" data-id=\"0f7dd90\" data-element_type=\"widget\" data-e-type=\"widget\" data-widget_type=\"image.default\">\n\t\t\t\t<div class=\"elementor-widget-container\">\n\t\t\t\t\t\t\t\t\t\t\t\t\t\t\t\t<a href=\"https:\/\/alexsoler.net\/ca\/vic\/\">\n\t\t\t\t\t\t\t<img loading=\"lazy\" decoding=\"async\" width=\"1000\" height=\"700\" src=\"https:\/\/alexsoler.net\/wp-content\/uploads\/2022\/08\/Vic-9.png\" class=\"elementor-animation-grow attachment-large size-large wp-image-2239\" alt=\"\" srcset=\"https:\/\/alexsoler.net\/wp-content\/uploads\/2022\/08\/Vic-9.png 1000w, https:\/\/alexsoler.net\/wp-content\/uploads\/2022\/08\/Vic-9-300x210.png 300w, https:\/\/alexsoler.net\/wp-content\/uploads\/2022\/08\/Vic-9-768x538.png 768w, https:\/\/alexsoler.net\/wp-content\/uploads\/2022\/08\/Vic-9-18x12.png 18w\" sizes=\"(max-width: 1000px) 100vw, 1000px\" \/>\t\t\t\t\t\t\t\t<\/a>\n\t\t\t\t\t\t\t\t\t\t\t\t\t\t\t<\/div>\n\t\t\t\t<\/div>\n\t\t\t\t\t<\/div>\n\t\t<\/div>\n\t\t\t\t<div class=\"elementor-column elementor-col-33 elementor-top-column elementor-element elementor-element-d6337b2\" data-id=\"d6337b2\" data-element_type=\"column\" data-e-type=\"column\">\n\t\t\t<div class=\"elementor-widget-wrap elementor-element-populated\">\n\t\t\t\t\t\t<div class=\"elementor-element elementor-element-62da535 elementor-widget elementor-widget-image\" data-id=\"62da535\" data-element_type=\"widget\" data-e-type=\"widget\" data-widget_type=\"image.default\">\n\t\t\t\t<div class=\"elementor-widget-container\">\n\t\t\t\t\t\t\t\t\t\t\t\t\t\t\t<img loading=\"lazy\" decoding=\"async\" width=\"1000\" height=\"700\" src=\"https:\/\/alexsoler.net\/wp-content\/uploads\/2023\/04\/Vic-51.png\" class=\"elementor-animation-grow attachment-large size-large wp-image-2871\" alt=\"\" srcset=\"https:\/\/alexsoler.net\/wp-content\/uploads\/2023\/04\/Vic-51.png 1000w, https:\/\/alexsoler.net\/wp-content\/uploads\/2023\/04\/Vic-51-300x210.png 300w, https:\/\/alexsoler.net\/wp-content\/uploads\/2023\/04\/Vic-51-768x538.png 768w, https:\/\/alexsoler.net\/wp-content\/uploads\/2023\/04\/Vic-51-18x12.png 18w\" sizes=\"(max-width: 1000px) 100vw, 1000px\" \/>\t\t\t\t\t\t\t\t\t\t\t\t\t\t\t<\/div>\n\t\t\t\t<\/div>\n\t\t\t\t\t<\/div>\n\t\t<\/div>\n\t\t\t\t\t<\/div>\n\t\t<\/section>\n\t\t\t\t<section class=\"elementor-section elementor-top-section elementor-element elementor-element-9233715 elementor-section-boxed elementor-section-height-default elementor-section-height-default\" data-id=\"9233715\" data-element_type=\"section\" data-e-type=\"section\">\n\t\t\t\t\t\t<div class=\"elementor-container elementor-column-gap-default\">\n\t\t\t\t\t<div class=\"elementor-column elementor-col-33 elementor-top-column elementor-element elementor-element-40d0ca7\" data-id=\"40d0ca7\" data-element_type=\"column\" data-e-type=\"column\">\n\t\t\t<div class=\"elementor-widget-wrap elementor-element-populated\">\n\t\t\t\t\t\t<div class=\"elementor-element elementor-element-5683c1b elementor-widget elementor-widget-image\" data-id=\"5683c1b\" data-element_type=\"widget\" data-e-type=\"widget\" data-widget_type=\"image.default\">\n\t\t\t\t<div class=\"elementor-widget-container\">\n\t\t\t\t\t\t\t\t\t\t\t\t\t\t\t<img loading=\"lazy\" decoding=\"async\" width=\"1000\" height=\"700\" src=\"https:\/\/alexsoler.net\/wp-content\/uploads\/2023\/04\/Vic-52.png\" class=\"elementor-animation-grow attachment-large size-large wp-image-2872\" alt=\"\" srcset=\"https:\/\/alexsoler.net\/wp-content\/uploads\/2023\/04\/Vic-52.png 1000w, https:\/\/alexsoler.net\/wp-content\/uploads\/2023\/04\/Vic-52-300x210.png 300w, https:\/\/alexsoler.net\/wp-content\/uploads\/2023\/04\/Vic-52-768x538.png 768w, https:\/\/alexsoler.net\/wp-content\/uploads\/2023\/04\/Vic-52-18x12.png 18w\" sizes=\"(max-width: 1000px) 100vw, 1000px\" \/>\t\t\t\t\t\t\t\t\t\t\t\t\t\t\t<\/div>\n\t\t\t\t<\/div>\n\t\t\t\t\t<\/div>\n\t\t<\/div>\n\t\t\t\t<div class=\"elementor-column elementor-col-33 elementor-top-column elementor-element elementor-element-4c0a5c4\" data-id=\"4c0a5c4\" data-element_type=\"column\" data-e-type=\"column\">\n\t\t\t<div class=\"elementor-widget-wrap elementor-element-populated\">\n\t\t\t\t\t\t<div class=\"elementor-element elementor-element-86a63f1 elementor-widget elementor-widget-image\" data-id=\"86a63f1\" data-element_type=\"widget\" data-e-type=\"widget\" data-widget_type=\"image.default\">\n\t\t\t\t<div class=\"elementor-widget-container\">\n\t\t\t\t\t\t\t\t\t\t\t\t\t\t\t<img loading=\"lazy\" decoding=\"async\" width=\"1000\" height=\"700\" src=\"https:\/\/alexsoler.net\/wp-content\/uploads\/2023\/04\/Vic-54.png\" class=\"elementor-animation-grow attachment-large size-large wp-image-2874\" alt=\"\" srcset=\"https:\/\/alexsoler.net\/wp-content\/uploads\/2023\/04\/Vic-54.png 1000w, https:\/\/alexsoler.net\/wp-content\/uploads\/2023\/04\/Vic-54-300x210.png 300w, https:\/\/alexsoler.net\/wp-content\/uploads\/2023\/04\/Vic-54-768x538.png 768w, https:\/\/alexsoler.net\/wp-content\/uploads\/2023\/04\/Vic-54-18x12.png 18w\" sizes=\"(max-width: 1000px) 100vw, 1000px\" \/>\t\t\t\t\t\t\t\t\t\t\t\t\t\t\t<\/div>\n\t\t\t\t<\/div>\n\t\t\t\t\t<\/div>\n\t\t<\/div>\n\t\t\t\t<div class=\"elementor-column elementor-col-33 elementor-top-column elementor-element elementor-element-4bd94d5\" data-id=\"4bd94d5\" data-element_type=\"column\" data-e-type=\"column\">\n\t\t\t<div class=\"elementor-widget-wrap elementor-element-populated\">\n\t\t\t\t\t\t<div class=\"elementor-element elementor-element-59cc641 elementor-widget elementor-widget-image\" data-id=\"59cc641\" data-element_type=\"widget\" data-e-type=\"widget\" data-widget_type=\"image.default\">\n\t\t\t\t<div class=\"elementor-widget-container\">\n\t\t\t\t\t\t\t\t\t\t\t\t\t\t\t<img loading=\"lazy\" decoding=\"async\" width=\"1000\" height=\"700\" src=\"https:\/\/alexsoler.net\/wp-content\/uploads\/2023\/04\/Vic-53.png\" class=\"elementor-animation-grow attachment-large size-large wp-image-2873\" alt=\"\" srcset=\"https:\/\/alexsoler.net\/wp-content\/uploads\/2023\/04\/Vic-53.png 1000w, https:\/\/alexsoler.net\/wp-content\/uploads\/2023\/04\/Vic-53-300x210.png 300w, https:\/\/alexsoler.net\/wp-content\/uploads\/2023\/04\/Vic-53-768x538.png 768w, https:\/\/alexsoler.net\/wp-content\/uploads\/2023\/04\/Vic-53-18x12.png 18w\" sizes=\"(max-width: 1000px) 100vw, 1000px\" \/>\t\t\t\t\t\t\t\t\t\t\t\t\t\t\t<\/div>\n\t\t\t\t<\/div>\n\t\t\t\t\t<\/div>\n\t\t<\/div>\n\t\t\t\t\t<\/div>\n\t\t<\/section>\n\t\t\t\t<section class=\"elementor-section elementor-top-section elementor-element elementor-element-791e797 elementor-section-boxed elementor-section-height-default elementor-section-height-default\" data-id=\"791e797\" data-element_type=\"section\" data-e-type=\"section\" data-settings=\"{&quot;background_background&quot;:&quot;classic&quot;}\">\n\t\t\t\t\t\t\t<div class=\"elementor-background-overlay\"><\/div>\n\t\t\t\t\t\t\t<div class=\"elementor-container elementor-column-gap-default\">\n\t\t\t\t\t<div class=\"elementor-column elementor-col-50 elementor-top-column elementor-element elementor-element-1e22452\" data-id=\"1e22452\" data-element_type=\"column\" data-e-type=\"column\" data-settings=\"{&quot;background_background&quot;:&quot;classic&quot;}\">\n\t\t\t<div class=\"elementor-widget-wrap elementor-element-populated\">\n\t\t\t\t\t\t<div class=\"elementor-element elementor-element-a534f38 elementor-widget elementor-widget-heading\" data-id=\"a534f38\" data-element_type=\"widget\" data-e-type=\"widget\" data-widget_type=\"heading.default\">\n\t\t\t\t<div class=\"elementor-widget-container\">\n\t\t\t\t\t<h2 class=\"elementor-heading-title elementor-size-default\">PARLEM?<\/h2>\t\t\t\t<\/div>\n\t\t\t\t<\/div>\n\t\t\t\t<div class=\"elementor-element elementor-element-fb8e6e8 elementor-widget elementor-widget-text-editor\" data-id=\"fb8e6e8\" data-element_type=\"widget\" data-e-type=\"widget\" data-widget_type=\"text-editor.default\">\n\t\t\t\t<div class=\"elementor-widget-container\">\n\t\t\t\t\t\t\t\t\t<p><em>Estic comprom\u00e8s amb el nivell m\u00e9s alt d'experi\u00e8ncia, coneixement i servei. Les teves consultes sobre el mercat immobiliari s\u00f3n importants per a mi, aix\u00ed que espera una resposta tan r\u00e0pida com sigui possible.<\/em><\/p>\t\t\t\t\t\t\t\t<\/div>\n\t\t\t\t<\/div>\n\t\t\t\t<div class=\"elementor-element elementor-element-b06b9fd elementor-align-center elementor-widget elementor-widget-button\" data-id=\"b06b9fd\" data-element_type=\"widget\" data-e-type=\"widget\" data-widget_type=\"button.default\">\n\t\t\t\t<div class=\"elementor-widget-container\">\n\t\t\t\t\t\t\t\t\t<div class=\"elementor-button-wrapper\">\n\t\t\t\t\t<a class=\"elementor-button elementor-button-link elementor-size-sm\" href=\"https:\/\/alexsoler.net\/ca\/contacto\/\">\n\t\t\t\t\t\t<span class=\"elementor-button-content-wrapper\">\n\t\t\t\t\t\t\t\t\t<span class=\"elementor-button-text\">CONTACTA AMB MI<\/span>\n\t\t\t\t\t<\/span>\n\t\t\t\t\t<\/a>\n\t\t\t\t<\/div>\n\t\t\t\t\t\t\t\t<\/div>\n\t\t\t\t<\/div>\n\t\t\t\t\t<\/div>\n\t\t<\/div>\n\t\t\t\t<div class=\"elementor-column elementor-col-50 elementor-top-column elementor-element elementor-element-a58d2fd\" data-id=\"a58d2fd\" data-element_type=\"column\" data-e-type=\"column\" data-settings=\"{&quot;background_background&quot;:&quot;slideshow&quot;,&quot;background_slideshow_gallery&quot;:[],&quot;background_slideshow_loop&quot;:&quot;yes&quot;,&quot;background_slideshow_slide_duration&quot;:5000,&quot;background_slideshow_slide_transition&quot;:&quot;fade&quot;,&quot;background_slideshow_transition_duration&quot;:500}\">\n\t\t\t<div class=\"elementor-widget-wrap elementor-element-populated\">\n\t\t\t\t\t\t<div class=\"elementor-element elementor-element-9ef93f1 elementor-widget elementor-widget-heading\" data-id=\"9ef93f1\" data-element_type=\"widget\" data-e-type=\"widget\" data-widget_type=\"heading.default\">\n\t\t\t\t<div class=\"elementor-widget-container\">\n\t\t\t\t\t<h2 class=\"elementor-heading-title elementor-size-default\">INFORME IMMOBILIARI MENSUAL<\/h2>\t\t\t\t<\/div>\n\t\t\t\t<\/div>\n\t\t\t\t<div class=\"elementor-element elementor-element-c29f81f elementor-widget elementor-widget-text-editor\" data-id=\"c29f81f\" data-element_type=\"widget\" data-e-type=\"widget\" data-widget_type=\"text-editor.default\">\n\t\t\t\t<div class=\"elementor-widget-container\">\n\t\t\t\t\t\t\t\t\t<p><i>Per rebre not\u00edcies exclusives i actualitzacions del mercat, subscriu-te al nostre informe immobiliari mensual.<\/i><\/p>\t\t\t\t\t\t\t\t<\/div>\n\t\t\t\t<\/div>\n\t\t\t\t<div class=\"elementor-element elementor-element-4451d03 elementor-align-center elementor-widget elementor-widget-button\" data-id=\"4451d03\" data-element_type=\"widget\" data-e-type=\"widget\" data-widget_type=\"button.default\">\n\t\t\t\t<div class=\"elementor-widget-container\">\n\t\t\t\t\t\t\t\t\t<div class=\"elementor-button-wrapper\">\n\t\t\t\t\t<a class=\"elementor-button elementor-button-link elementor-size-sm\" href=\"https:\/\/alexsoler.net\/ca\/informe\/\">\n\t\t\t\t\t\t<span class=\"elementor-button-content-wrapper\">\n\t\t\t\t\t\t\t\t\t<span class=\"elementor-button-text\">SUBSCRIU-TE<\/span>\n\t\t\t\t\t<\/span>\n\t\t\t\t\t<\/a>\n\t\t\t\t<\/div>\n\t\t\t\t\t\t\t\t<\/div>\n\t\t\t\t<\/div>\n\t\t\t\t\t<\/div>\n\t\t<\/div>\n\t\t\t\t\t<\/div>\n\t\t<\/section>\n\t\t\t\t<\/div>","protected":false},"excerpt":{"rendered":"<p>OSONA Osona es una de las comarcas m\u00e1s extensas y c\u00e9ntricas de Catalu\u00f1a, contando as\u00ed con una situaci\u00f3n privilegiada dentro de dicha comunidad aut\u00f3noma. DATOS Provincia &#8211; Barcelona Capital &#8211; Vic Habitantes &#8211; 158.334 N\u00ba Municipios &#8211;\u00a0 50 Superficie &#8211; 1245&#8217;2 km\u00b2 ACERCA DE OSONA Osona es una de las comarcas m\u00e1s extensas y c\u00e9ntricas &hellip;<\/p>\n<p class=\"read-more\"> <a class=\"\" href=\"https:\/\/alexsoler.net\/ca\/osona\/\"> <span class=\"screen-reader-text\">Osona<\/span> Llegeix m\u00e9s &raquo;<\/a><\/p>","protected":false},"author":1,"featured_media":0,"parent":0,"menu_order":0,"comment_status":"closed","ping_status":"closed","template":"","meta":{"site-sidebar-layout":"no-sidebar","site-content-layout":"page-builder","ast-main-header-display":"","ast-hfb-above-header-display":"","ast-hfb-below-header-display":"","ast-hfb-mobile-header-display":"","site-post-title":"disabled","ast-breadcrumbs-content":"","ast-featured-img":"disabled","footer-sml-layout":"","theme-transparent-header-meta":"","adv-header-id-meta":"","stick-header-meta":"","header-above-stick-meta":"","header-main-stick-meta":"","header-below-stick-meta":"","footnotes":""},"class_list":["post-2230","page","type-page","status-publish","hentry"],"_links":{"self":[{"href":"https:\/\/alexsoler.net\/ca\/wp-json\/wp\/v2\/pages\/2230","targetHints":{"allow":["GET"]}}],"collection":[{"href":"https:\/\/alexsoler.net\/ca\/wp-json\/wp\/v2\/pages"}],"about":[{"href":"https:\/\/alexsoler.net\/ca\/wp-json\/wp\/v2\/types\/page"}],"author":[{"embeddable":true,"href":"https:\/\/alexsoler.net\/ca\/wp-json\/wp\/v2\/users\/1"}],"replies":[{"embeddable":true,"href":"https:\/\/alexsoler.net\/ca\/wp-json\/wp\/v2\/comments?post=2230"}],"version-history":[{"count":37,"href":"https:\/\/alexsoler.net\/ca\/wp-json\/wp\/v2\/pages\/2230\/revisions"}],"predecessor-version":[{"id":2877,"href":"https:\/\/alexsoler.net\/ca\/wp-json\/wp\/v2\/pages\/2230\/revisions\/2877"}],"wp:attachment":[{"href":"https:\/\/alexsoler.net\/ca\/wp-json\/wp\/v2\/media?parent=2230"}],"curies":[{"name":"wp","href":"https:\/\/api.w.org\/{rel}","templated":true}]}}